{"version":"1.0","provider_name":"In-Andalucia","provider_url":"https:\/\/www.in-andalucia.com\/sp","author_name":"admin","author_url":"https:\/\/www.in-andalucia.com\/sp\/author\/admin\/","title":"Almedinilla - In-Andalucia","type":"rich","width":600,"height":338,"html":"<blockquote class=\"wp-embedded-content\" data-secret=\"Zpd6PyxOR8\"><a href=\"https:\/\/www.in-andalucia.com\/sp\/cordoba\/localidades-de-cordoba\/almedinilla\/\">Almedinilla<\/a><\/blockquote><iframe sandbox=\"allow-scripts\" security=\"restricted\" src=\"https:\/\/www.in-andalucia.com\/sp\/cordoba\/localidades-de-cordoba\/almedinilla\/embed\/#?secret=Zpd6PyxOR8\" width=\"600\" height=\"338\" title=\"\u00abAlmedinilla\u00bb \u2014 In-Andalucia\" data-secret=\"Zpd6PyxOR8\" frameborder=\"0\" marginwidth=\"0\" marginheight=\"0\" scrolling=\"no\" class=\"wp-embedded-content\"><\/iframe><script type=\"text\/javascript\">\n\/* <![CDATA[ *\/\n\/*! This file is auto-generated *\/\n!function(d,l){\"use strict\";l.querySelector&&d.addEventListener&&\"undefined\"!=typeof URL&&(d.wp=d.wp||{},d.wp.receiveEmbedMessage||(d.wp.receiveEmbedMessage=function(e){var t=e.data;if((t||t.secret||t.message||t.value)&&!\/[^a-zA-Z0-9]\/.test(t.secret)){for(var s,r,n,a=l.querySelectorAll('iframe[data-secret=\"'+t.secret+'\"]'),o=l.querySelectorAll('blockquote[data-secret=\"'+t.secret+'\"]'),c=new RegExp(\"^https?:$\",\"i\"),i=0;i<o.length;i++)o[i].style.display=\"none\";for(i=0;i<a.length;i++)s=a[i],e.source===s.contentWindow&&(s.removeAttribute(\"style\"),\"height\"===t.message?(1e3<(r=parseInt(t.value,10))?r=1e3:~~r<200&&(r=200),s.height=r):\"link\"===t.message&&(r=new URL(s.getAttribute(\"src\")),n=new URL(t.value),c.test(n.protocol))&&n.host===r.host&&l.activeElement===s&&(d.top.location.href=t.value))}},d.addEventListener(\"message\",d.wp.receiveEmbedMessage,!1),l.addEventListener(\"DOMContentLoaded\",function(){for(var e,t,s=l.querySelectorAll(\"iframe.wp-embedded-content\"),r=0;r<s.length;r++)(t=(e=s[r]).getAttribute(\"data-secret\"))||(t=Math.random().toString(36).substring(2,12),e.src+=\"#?secret=\"+t,e.setAttribute(\"data-secret\",t)),e.contentWindow.postMessage({message:\"ready\",secret:t},\"*\")},!1)))}(window,document);\n\/\/# sourceURL=https:\/\/www.in-andalucia.com\/sp\/wp-includes\/js\/wp-embed.min.js\n\/* ]]> *\/\n<\/script>\n","description":"Su nucleo dista de la capital 114 km de Cordoba capital. A la inversa de otros n\u00facleos urbanos de la provincia de C\u00f3rdoba, la historia de Almedinilla se torna m\u00e1s espectacular e importante en las Edades de Hierro y Antigua que en periodos posteriores. Esta poblaci\u00f3n tiene un gran inter\u00e9s arqueol\u00f3gico por los restos griegos, fenicios e ib\u00e9ricos encontrados en el Cerro de la Cruz. De \u00e9poca romana son yacimientos y excavaciones que se est\u00e1n realizando en El Ruedo, donde se ha encontrado una necr\u00f3polis con abundantes tumbas y ajuar funerario, y una villa romana con mosaicos, esculturas y pinturas que dan idea de la gran importancia que tuvo esta ciudad en dicha \u00e9poca. Durante la \u00e9poca musulmana, Almedinilla se hallaba en la ruta de paso al reino nazar\u00ed de Granada. La dependencia de la Orden de Calatrava a partir de 1246, su vinculaci\u00f3n eclesi\u00e1stica a la di\u00f3cesis de Ja\u00e9n y la anexi\u00f3n a la Abad\u00eda de Alcal\u00e1 la Real desde 1341 hasta 1873 marcan los principales avatares hist\u00f3ricos del t\u00e9rmino. Menci\u00f3n aparte merece su vinculaci\u00f3n a la Casa de Aguilar a partir de 1370. En 1844 se constituye en ayuntamiento independiente de Priego y en 1874 su feligres\u00eda y parroquia queda anexionada al Obispado de C\u00f3rdoba. Almedinilla es diminutivo de la palabra \u00e1rabe Al-medina. La altitud es de 622 m sobre el nivel del mar y la extensi\u00f3n del territorio es de 56 km2."}